

{"id":4951,"date":"2025-08-29T08:25:01","date_gmt":"2025-08-29T06:25:01","guid":{"rendered":"https:\/\/copernicus.chmi.cz\/?page_id=4951"},"modified":"2025-10-14T14:40:57","modified_gmt":"2025-10-14T12:40:57","slug":"forumcopernicus2025","status":"publish","type":"page","link":"https:\/\/copernicus.chmi.cz\/index.php\/forumcopernicus2025\/","title":{"rendered":"\u010cesk\u00e9 u\u017eivatelsk\u00e9 f\u00f3rum Copernicus a D\u00e1lkov\u00fd pr\u016fzkum Zem\u011b 2025"},"content":{"rendered":"\t\t<div data-elementor-type=\"wp-page\" data-elementor-id=\"4951\" class=\"elementor elementor-4951\">\n\t\t\t\t<div class=\"elementor-element elementor-element-a155b25 e-flex e-con-boxed e-con e-parent\" data-id=\"a155b25\" data-element_type=\"container\">\n\t\t\t\t\t<div class=\"e-con-inner\">\n\t\t\t\t<div class=\"elementor-element elementor-element-80ebd7e elementor-align-right elementor-widget elementor-widget-button\" data-id=\"80ebd7e\" data-element_type=\"widget\" data-widget_type=\"button.default\">\n\t\t\t\t\t\t\t\t\t\t<a class=\"elementor-button elementor-button-link elementor-size-sm\" href=\"https:\/\/copernicus.chmi.cz\/index.php\/czech-user-forum-copernicus-and-remote-sensing-2025\/#page\">\n\t\t\t\t\t\t<span class=\"elementor-button-content-wrapper\">\n\t\t\t\t\t\t<span class=\"elementor-button-icon\">\n\t\t\t\t<svg aria-hidden=\"true\" class=\"e-font-icon-svg e-fas-language\" viewBox=\"0 0 640 512\" xmlns=\"http:\/\/www.w3.org\/2000\/svg\"><path d=\"M152.1 236.2c-3.5-12.1-7.8-33.2-7.8-33.2h-.5s-4.3 21.1-7.8 33.2l-11.1 37.5H163zM616 96H336v320h280c13.3 0 24-10.7 24-24V120c0-13.3-10.7-24-24-24zm-24 120c0 6.6-5.4 12-12 12h-11.4c-6.9 23.6-21.7 47.4-42.7 69.9 8.4 6.4 17.1 12.5 26.1 18 5.5 3.4 7.3 10.5 4.1 16.2l-7.9 13.9c-3.4 5.9-10.9 7.8-16.7 4.3-12.6-7.8-24.5-16.1-35.4-24.9-10.9 8.7-22.7 17.1-35.4 24.9-5.8 3.5-13.3 1.6-16.7-4.3l-7.9-13.9c-3.2-5.6-1.4-12.8 4.2-16.2 9.3-5.7 18-11.7 26.1-18-7.9-8.4-14.9-17-21-25.7-4-5.7-2.2-13.6 3.7-17.1l6.5-3.9 7.3-4.3c5.4-3.2 12.4-1.7 16 3.4 5 7 10.8 14 17.4 20.9 13.5-14.2 23.8-28.9 30-43.2H412c-6.6 0-12-5.4-12-12v-16c0-6.6 5.4-12 12-12h64v-16c0-6.6 5.4-12 12-12h16c6.6 0 12 5.4 12 12v16h64c6.6 0 12 5.4 12 12zM0 120v272c0 13.3 10.7 24 24 24h280V96H24c-13.3 0-24 10.7-24 24zm58.9 216.1L116.4 167c1.7-4.9 6.2-8.1 11.4-8.1h32.5c5.1 0 9.7 3.3 11.4 8.1l57.5 169.1c2.6 7.8-3.1 15.9-11.4 15.9h-22.9a12 12 0 0 1-11.5-8.6l-9.4-31.9h-60.2l-9.1 31.8c-1.5 5.1-6.2 8.7-11.5 8.7H70.3c-8.2 0-14-8.1-11.4-15.9z\"><\/path><\/svg>\t\t\t<\/span>\n\t\t\t\t\t\t\t\t\t<span class=\"elementor-button-text\">English<\/span>\n\t\t\t\t\t<\/span>\n\t\t\t\t\t<\/a>\n\t\t\t\t\t\t\t\t<\/div>\n\t\t\t\t\t<\/div>\n\t\t\t\t<\/div>\n\t\t<div class=\"elementor-element elementor-element-de5dd23 e-flex e-con-boxed e-con e-parent\" data-id=\"de5dd23\" data-element_type=\"container\">\n\t\t\t\t\t<div class=\"e-con-inner\">\n\t\t\t\t<div class=\"elementor-element elementor-element-9af81a3 elementor-widget elementor-widget-heading\" data-id=\"9af81a3\" data-element_type=\"widget\" data-widget_type=\"heading.default\">\n\t\t\t\t\t<h1 class=\"elementor-heading-title elementor-size-default\">\u010cesk\u00e9 u\u017eivatelsk\u00e9 f\u00f3rum Copernicus a D\u00e1lkov\u00fd pr\u016fzkum Zem\u011b 2025\n<\/h1>\t\t\t\t<\/div>\n\t\t\t\t\t<\/div>\n\t\t\t\t<\/div>\n\t\t<div class=\"elementor-element elementor-element-4f94675 e-flex e-con-boxed e-con e-parent\" data-id=\"4f94675\" data-element_type=\"container\">\n\t\t\t\t\t<div class=\"e-con-inner\">\n\t\t<div class=\"elementor-element elementor-element-f9a7d06 e-flex e-con-boxed e-con e-child\" data-id=\"f9a7d06\" data-element_type=\"container\">\n\t\t\t\t\t<div class=\"e-con-inner\">\n\t\t\t\t<div class=\"elementor-element elementor-element-4e27700 elementor-widget elementor-widget-text-editor\" data-id=\"4e27700\" data-element_type=\"widget\" data-widget_type=\"text-editor.default\">\n\t\t\t\t\t\t\t\t\t<p>Agenda programu Copernicus, kterou ji\u017e druh\u00fdm rokem koordinuje \u010cesk\u00fd hydrometeorologick\u00fd \u00fastav, navazuje na p\u0159edchoz\u00ed ro\u010dn\u00edky a op\u011bt V\u00e1m p\u0159in\u00e1\u0161\u00ed konferenci \u010cesk\u00e9 u\u017eivatelsk\u00e9 f\u00f3rum Copernicus a d\u00e1lkov\u00fd pr\u016fzkum Zem\u011b<strong>,<\/strong> kter\u00e1 je po\u0159\u00e1d\u00e1na v r\u00e1mci akce Czech Space Week 2025. Program konference je p\u0159ipraven ve spolupr\u00e1ci s Ministerstvem dopravy a P\u0159\u00edrodov\u011bdeckou fakultou Univerzity Karlovy.<\/p><p>Prvn\u00ed den konference se uskute\u010dn\u00ed workshop po\u0159\u00e1dan\u00fd slu\u017ebou Copernicus Climate Change Service<strong>\u00a0<\/strong>v prostor\u00e1ch<strong>\u00a0<\/strong>Konferen\u010dn\u00edho centra City. Program bude rozd\u011blen do dvou \u00farovn\u00ed \u2013 pro za\u010d\u00e1te\u010dn\u00edky i pokro\u010dil\u00e9 u\u017eivatele dat \u2013 tak\u017ee si ka\u017ed\u00fd najde to sv\u00e9. \u00da\u010dastn\u00edci se nau\u010d\u00ed prakticky pracovat s klimatick\u00fdmi daty, z\u00edskaj\u00ed tipy pro jejich anal\u00fdzu a p\u0159\u00edklady vyu\u017eit\u00ed v re\u00e1ln\u00fdch projektech. Workshop je ide\u00e1ln\u00ed p\u0159\u00edle\u017eitost\u00ed propojit teorii s prax\u00ed a roz\u0161\u00ed\u0159it sv\u00e9 dovednosti. Workshop prob\u011bhne v anglick\u00e9m jazyce.<\/p><p><strong>Online registrace byla ukon\u010dena. Registrace bude mo\u017en\u00e1 i na m\u00edst\u011b.<\/strong><\/p>\t\t\t\t\t\t\t\t<\/div>\n\t\t\t\t\t<\/div>\n\t\t\t\t<\/div>\n\t\t<div class=\"elementor-element elementor-element-936a924 e-con-full e-flex e-con e-child\" data-id=\"936a924\" data-element_type=\"container\">\n\t\t\t\t<div class=\"elementor-element elementor-element-686bd6e elementor-widget elementor-widget-image\" data-id=\"686bd6e\" data-element_type=\"widget\" data-widget_type=\"image.default\">\n\t\t\t\t\t\t\t\t\t\t\t\t\t\t\t<img fetchpriority=\"high\" decoding=\"async\" width=\"1024\" height=\"1024\" src=\"https:\/\/copernicus.chmi.cz\/wp-content\/uploads\/2025\/08\/Banner_Squared-1024x1024.png\" class=\"attachment-large size-large wp-image-4923\" alt=\"\" srcset=\"https:\/\/copernicus.chmi.cz\/wp-content\/uploads\/2025\/08\/Banner_Squared-1024x1024.png 1024w, https:\/\/copernicus.chmi.cz\/wp-content\/uploads\/2025\/08\/Banner_Squared-300x300.png 300w, https:\/\/copernicus.chmi.cz\/wp-content\/uploads\/2025\/08\/Banner_Squared-150x150.png 150w, https:\/\/copernicus.chmi.cz\/wp-content\/uploads\/2025\/08\/Banner_Squared-768x768.png 768w, https:\/\/copernicus.chmi.cz\/wp-content\/uploads\/2025\/08\/Banner_Squared-1232x1232.png 1232w, https:\/\/copernicus.chmi.cz\/wp-content\/uploads\/2025\/08\/Banner_Squared-1080x1080.png 1080w, https:\/\/copernicus.chmi.cz\/wp-content\/uploads\/2025\/08\/Banner_Squared.png 1536w\" sizes=\"(max-width: 1024px) 100vw, 1024px\" \/>\t\t\t\t\t\t\t\t\t\t\t\t\t\t\t<\/div>\n\t\t\t\t<\/div>\n\t\t\t\t\t<\/div>\n\t\t\t\t<\/div>\n\t\t<div class=\"elementor-element elementor-element-af50f7c e-flex e-con-boxed e-con e-parent\" data-id=\"af50f7c\" data-element_type=\"container\" data-settings=\"{&quot;background_background&quot;:&quot;classic&quot;}\">\n\t\t\t\t\t<div class=\"e-con-inner\">\n\t\t<div class=\"elementor-element elementor-element-c7d63e0 e-con-full e-flex e-con e-child\" data-id=\"c7d63e0\" data-element_type=\"container\">\n\t\t\t\t<div class=\"elementor-element elementor-element-73b885b elementor-widget elementor-widget-text-editor\" data-id=\"73b885b\" data-element_type=\"widget\" data-widget_type=\"text-editor.default\">\n\t\t\t\t\t\t\t\t\t<div class=\"gridContainer\"><p><b>Program konference<br \/><\/b><\/p><\/div>\t\t\t\t\t\t\t\t<\/div>\n\t\t\t\t<div class=\"elementor-element elementor-element-53a3d87 elementor-align-center elementor-widget elementor-widget-button\" data-id=\"53a3d87\" data-element_type=\"widget\" data-widget_type=\"button.default\">\n\t\t\t\t\t\t\t\t\t\t<a class=\"elementor-button elementor-button-link elementor-size-sm\" href=\"https:\/\/copernicus.chmi.cz\/wp-content\/uploads\/2025\/10\/copernicus_program_2025-1.pdf\">\n\t\t\t\t\t\t<span class=\"elementor-button-content-wrapper\">\n\t\t\t\t\t\t<span class=\"elementor-button-icon\">\n\t\t\t\t<svg aria-hidden=\"true\" class=\"e-font-icon-svg e-fas-file-signature\" viewBox=\"0 0 576 512\" xmlns=\"http:\/\/www.w3.org\/2000\/svg\"><path d=\"M218.17 424.14c-2.95-5.92-8.09-6.52-10.17-6.52s-7.22.59-10.02 6.19l-7.67 15.34c-6.37 12.78-25.03 11.37-29.48-2.09L144 386.59l-10.61 31.88c-5.89 17.66-22.38 29.53-41 29.53H80c-8.84 0-16-7.16-16-16s7.16-16 16-16h12.39c4.83 0 9.11-3.08 10.64-7.66l18.19-54.64c3.3-9.81 12.44-16.41 22.78-16.41s19.48 6.59 22.77 16.41l13.88 41.64c19.75-16.19 54.06-9.7 66 14.16 1.89 3.78 5.49 5.95 9.36 6.26v-82.12l128-127.09V160H248c-13.2 0-24-10.8-24-24V0H24C10.7 0 0 10.7 0 24v464c0 13.3 10.7 24 24 24h336c13.3 0 24-10.7 24-24v-40l-128-.11c-16.12-.31-30.58-9.28-37.83-23.75zM384 121.9c0-6.3-2.5-12.4-7-16.9L279.1 7c-4.5-4.5-10.6-7-17-7H256v128h128v-6.1zm-96 225.06V416h68.99l161.68-162.78-67.88-67.88L288 346.96zm280.54-179.63l-31.87-31.87c-9.94-9.94-26.07-9.94-36.01 0l-27.25 27.25 67.88 67.88 27.25-27.25c9.95-9.94 9.95-26.07 0-36.01z\"><\/path><\/svg>\t\t\t<\/span>\n\t\t\t\t\t\t\t\t\t<span class=\"elementor-button-text\">Program<\/span>\n\t\t\t\t\t<\/span>\n\t\t\t\t\t<\/a>\n\t\t\t\t\t\t\t\t<\/div>\n\t\t\t\t<\/div>\n\t\t<div class=\"elementor-element elementor-element-bd778a9 e-con-full e-flex e-con e-child\" data-id=\"bd778a9\" data-element_type=\"container\">\n\t\t\t\t<div class=\"elementor-element elementor-element-42bad0a elementor-widget elementor-widget-text-editor\" data-id=\"42bad0a\" data-element_type=\"widget\" data-widget_type=\"text-editor.default\">\n\t\t\t\t\t\t\t\t\t<div class=\"gridContainer\"><p><b>C3S User Interaction Session<br \/><\/b><\/p><\/div>\t\t\t\t\t\t\t\t<\/div>\n\t\t\t\t<div class=\"elementor-element elementor-element-2ce9cba elementor-align-center elementor-widget elementor-widget-button\" data-id=\"2ce9cba\" data-element_type=\"widget\" data-widget_type=\"button.default\">\n\t\t\t\t\t\t\t\t\t\t<a class=\"elementor-button elementor-button-link elementor-size-sm\" href=\"https:\/\/copernicus.chmi.cz\/wp-content\/uploads\/2025\/10\/CZ-UIS-Agenda-1.pdf\">\n\t\t\t\t\t\t<span class=\"elementor-button-content-wrapper\">\n\t\t\t\t\t\t<span class=\"elementor-button-icon\">\n\t\t\t\t<svg aria-hidden=\"true\" class=\"e-font-icon-svg e-fas-file-signature\" viewBox=\"0 0 576 512\" xmlns=\"http:\/\/www.w3.org\/2000\/svg\"><path d=\"M218.17 424.14c-2.95-5.92-8.09-6.52-10.17-6.52s-7.22.59-10.02 6.19l-7.67 15.34c-6.37 12.78-25.03 11.37-29.48-2.09L144 386.59l-10.61 31.88c-5.89 17.66-22.38 29.53-41 29.53H80c-8.84 0-16-7.16-16-16s7.16-16 16-16h12.39c4.83 0 9.11-3.08 10.64-7.66l18.19-54.64c3.3-9.81 12.44-16.41 22.78-16.41s19.48 6.59 22.77 16.41l13.88 41.64c19.75-16.19 54.06-9.7 66 14.16 1.89 3.78 5.49 5.95 9.36 6.26v-82.12l128-127.09V160H248c-13.2 0-24-10.8-24-24V0H24C10.7 0 0 10.7 0 24v464c0 13.3 10.7 24 24 24h336c13.3 0 24-10.7 24-24v-40l-128-.11c-16.12-.31-30.58-9.28-37.83-23.75zM384 121.9c0-6.3-2.5-12.4-7-16.9L279.1 7c-4.5-4.5-10.6-7-17-7H256v128h128v-6.1zm-96 225.06V416h68.99l161.68-162.78-67.88-67.88L288 346.96zm280.54-179.63l-31.87-31.87c-9.94-9.94-26.07-9.94-36.01 0l-27.25 27.25 67.88 67.88 27.25-27.25c9.95-9.94 9.95-26.07 0-36.01z\"><\/path><\/svg>\t\t\t<\/span>\n\t\t\t\t\t\t\t\t\t<span class=\"elementor-button-text\">Program<\/span>\n\t\t\t\t\t<\/span>\n\t\t\t\t\t<\/a>\n\t\t\t\t\t\t\t\t<\/div>\n\t\t\t\t<\/div>\n\t\t\t\t\t<\/div>\n\t\t\t\t<\/div>\n\t\t<div class=\"elementor-element elementor-element-be06681 e-flex e-con-boxed e-con e-parent\" data-id=\"be06681\" data-element_type=\"container\">\n\t\t\t\t\t<div class=\"e-con-inner\">\n\t\t\t\t<div class=\"elementor-element elementor-element-d6db071 elementor-widget elementor-widget-text-editor\" data-id=\"d6db071\" data-element_type=\"widget\" data-widget_type=\"text-editor.default\">\n\t\t\t\t\t\t\t\t\t<p>Druh\u00fd den v reprezentativn\u00edch prostor\u00e1ch Rezidence prim\u00e1tora hl. m. Prahy<strong>\u00a0<\/strong>se uskute\u010dn\u00ed konference v\u011bnovan\u00e1 programu Copernicus a vyu\u017eit\u00ed dat d\u00e1lkov\u00e9ho pr\u016fzkumu Zem\u011b. \u010cek\u00e1 v\u00e1s den pln\u00fd zaj\u00edmav\u00fdch prezentac\u00ed z oblasti vyu\u017e\u00edv\u00e1n\u00ed dat programu Copernicus v \u010cesku a obecn\u00e9ho vyu\u017eit\u00ed dat d\u00e1lkov\u00e9ho pr\u016fzkumu Zem\u011b, dopln\u011bn\u00fd o p\u0159\u00edklady z praxe a diskuse s odborn\u00edky. Konference nab\u00eddne p\u0159edn\u00e1\u0161ky odborn\u00edk\u016f ze st\u00e1tn\u00ed spr\u00e1vy, akademick\u00e9ho prost\u0159ed\u00ed i soukrom\u00e9ho sektoru. \u00da\u010dastn\u00edci se dozv\u00ed o aktu\u00e1ln\u00edch trendech, v\u00fdzkumech a praktick\u00fdch vyu\u017eit\u00edch dat v r\u016fzn\u00fdch oborech. Sou\u010d\u00e1st\u00ed konference bude tak\u00e9 posterov\u00e1 sekce<strong>,<\/strong> kde budou m\u00edt \u00fa\u010dastn\u00edci mo\u017enost p\u0159edstavit sv\u00e9 projekty. Konference prob\u011bhne v \u010desk\u00e9m jazyce.<\/p>\t\t\t\t\t\t\t\t<\/div>\n\t\t\t\t<div class=\"elementor-element elementor-element-5217490 elementor-widget elementor-widget-image\" data-id=\"5217490\" data-element_type=\"widget\" data-widget_type=\"image.default\">\n\t\t\t\t\t\t\t\t\t\t\t\t\t\t\t<img decoding=\"async\" width=\"1024\" height=\"585\" src=\"https:\/\/copernicus.chmi.cz\/wp-content\/uploads\/2025\/07\/SaveTheDate-1024x585.jpg\" class=\"attachment-large size-large wp-image-4906\" alt=\"\" srcset=\"https:\/\/copernicus.chmi.cz\/wp-content\/uploads\/2025\/07\/SaveTheDate-1024x585.jpg 1024w, https:\/\/copernicus.chmi.cz\/wp-content\/uploads\/2025\/07\/SaveTheDate-300x171.jpg 300w, https:\/\/copernicus.chmi.cz\/wp-content\/uploads\/2025\/07\/SaveTheDate-768x439.jpg 768w, https:\/\/copernicus.chmi.cz\/wp-content\/uploads\/2025\/07\/SaveTheDate-1536x878.jpg 1536w, https:\/\/copernicus.chmi.cz\/wp-content\/uploads\/2025\/07\/SaveTheDate-2048x1171.jpg 2048w, https:\/\/copernicus.chmi.cz\/wp-content\/uploads\/2025\/07\/SaveTheDate-1232x704.jpg 1232w, https:\/\/copernicus.chmi.cz\/wp-content\/uploads\/2025\/07\/SaveTheDate-1890x1080.jpg 1890w\" sizes=\"(max-width: 1024px) 100vw, 1024px\" \/>\t\t\t\t\t\t\t\t\t\t\t\t\t\t\t<\/div>\n\t\t\t\t\t<\/div>\n\t\t\t\t<\/div>\n\t\t<div class=\"elementor-element elementor-element-4985caa e-flex e-con-boxed e-con e-parent\" data-id=\"4985caa\" data-element_type=\"container\">\n\t\t\t\t\t<div class=\"e-con-inner\">\n\t\t\t\t<div class=\"elementor-element elementor-element-e015f49 elementor-widget elementor-widget-heading\" data-id=\"e015f49\" data-element_type=\"widget\" data-widget_type=\"heading.default\">\n\t\t\t\t\t<h3 class=\"elementor-heading-title elementor-size-default\">Cesta na konferenci<\/h3>\t\t\t\t<\/div>\n\t\t\t\t\t<\/div>\n\t\t\t\t<\/div>\n\t\t<div class=\"elementor-element elementor-element-1caefec e-flex e-con-boxed e-con e-parent\" data-id=\"1caefec\" data-element_type=\"container\">\n\t\t\t\t\t<div class=\"e-con-inner\">\n\t\t<div class=\"elementor-element elementor-element-edf51bc e-con-full e-flex e-con e-child\" data-id=\"edf51bc\" data-element_type=\"container\">\n\t\t\t\t<div class=\"elementor-element elementor-element-fae53de elementor-widget elementor-widget-text-editor\" data-id=\"fae53de\" data-element_type=\"widget\" data-widget_type=\"text-editor.default\">\n\t\t\t\t\t\t\t\t\t<p>Rezidence prim\u00e1tora hlavn\u00edho m\u011bsta Prahy<\/p><p><a href=\"https:\/\/www.google.com\/maps\/place\/data=!4m2!3m1!1s0x470b957d4ce43ceb:0x32181325ef9165a6?sa=X&amp;ved=1t:8290&amp;ictx=111\">Mari\u00e1nsk\u00e9 n\u00e1m. 1, 110 00 Star\u00e9 M\u011bsto<\/a><\/p><p>Rezidence je um\u00edstn\u011bn\u00e1 v budov\u011b M\u011bstsk\u00e9 knihovny. Rezidence m\u00e1 samostatn\u00fd\u00a0<strong>vchod na rohu Platn\u00e9\u0159sk\u00e9 a\u00a0\u017dateck\u00e9<\/strong><strong> ulice.<\/strong><\/p><p><strong>Metrem<\/strong><\/p><p>Vystupte na stanici Starom\u011bstsk\u00e1 (linka A &#8211; zelen\u00e1). Odtud je cesta 3 minuty p\u011b\u0161ky k Marin\u00e1sk\u00e9mu n\u00e1m\u011bst\u00ed.<\/p><p><strong>Tramvaj\u00ed<\/strong><\/p><p>Nejbli\u017e\u0161\u00ed zast\u00e1vka je Starom\u011bstsk\u00e1 (linky 2, 17 a 18). Po vystoupen\u00ed pokra\u010dujte p\u011b\u0161ky 4 minuty sm\u011brem k Mari\u00e1nsk\u00e9mu n\u00e1m\u011bst\u00ed.<\/p>\t\t\t\t\t\t\t\t<\/div>\n\t\t\t\t<\/div>\n\t\t\t\t<div class=\"elementor-element elementor-element-bc92489 elementor-widget elementor-widget-google_maps\" data-id=\"bc92489\" data-element_type=\"widget\" data-widget_type=\"google_maps.default\">\n\t\t\t\t\t\t\t<div class=\"elementor-custom-embed\">\n\t\t\t<iframe loading=\"lazy\"\n\t\t\t\t\tsrc=\"https:\/\/maps.google.com\/maps?q=Mari%C3%A1nsk%C3%A9%20n%C3%A1m.%201%2C%20110%2000%20Star%C3%A9%20M%C4%9Bsto%2C%20Praha&#038;t=m&#038;z=16&#038;output=embed&#038;iwloc=near\"\n\t\t\t\t\ttitle=\"Mari\u00e1nsk\u00e9 n\u00e1m. 1, 110 00 Star\u00e9 M\u011bsto, Praha\"\n\t\t\t\t\taria-label=\"Mari\u00e1nsk\u00e9 n\u00e1m. 1, 110 00 Star\u00e9 M\u011bsto, Praha\"\n\t\t\t><\/iframe>\n\t\t<\/div>\n\t\t\t\t\t\t<\/div>\n\t\t\t\t\t<\/div>\n\t\t\t\t<\/div>\n\t\t<div class=\"elementor-element elementor-element-f38e184 e-flex e-con-boxed e-con e-parent\" data-id=\"f38e184\" data-element_type=\"container\">\n\t\t\t\t\t<div class=\"e-con-inner\">\n\t\t\t\t<div class=\"elementor-element elementor-element-24e65d1 elementor-widget elementor-widget-heading\" data-id=\"24e65d1\" data-element_type=\"widget\" data-widget_type=\"heading.default\">\n\t\t\t\t\t<h3 class=\"elementor-heading-title elementor-size-default\">Cesta na workshop<\/h3>\t\t\t\t<\/div>\n\t\t\t\t\t<\/div>\n\t\t\t\t<\/div>\n\t\t<div class=\"elementor-element elementor-element-2538fe5 e-flex e-con-boxed e-con e-parent\" data-id=\"2538fe5\" data-element_type=\"container\">\n\t\t\t\t\t<div class=\"e-con-inner\">\n\t\t<div class=\"elementor-element elementor-element-929b5c5 e-con-full e-flex e-con e-child\" data-id=\"929b5c5\" data-element_type=\"container\">\n\t\t\t\t<div class=\"elementor-element elementor-element-b34ca40 elementor-widget elementor-widget-text-editor\" data-id=\"b34ca40\" data-element_type=\"widget\" data-widget_type=\"text-editor.default\">\n\t\t\t\t\t\t\t\t\t<p><strong>Konferen\u010dn\u00ed centrum City (KCC)<\/strong><\/p><p>Na Str\u017ei\u00a065\/1702<br \/>140 00 Praha 4<\/p><p><strong>Tramvaj\u00ed<\/strong><\/p><p>Nejbli\u017e\u0161\u00ed zast\u00e1vka je kone\u010dn\u00e1 zast\u00e1vka Pankr\u00e1c (linka 19). KCC se nach\u00e1z\u00ed od zast\u00e1vky p\u0159ibli\u017en\u011b 250 metr\u016f.<\/p>\t\t\t\t\t\t\t\t<\/div>\n\t\t\t\t<\/div>\n\t\t\t\t<div class=\"elementor-element elementor-element-8e32655 elementor-widget elementor-widget-google_maps\" data-id=\"8e32655\" data-element_type=\"widget\" data-widget_type=\"google_maps.default\">\n\t\t\t\t\t\t\t<div class=\"elementor-custom-embed\">\n\t\t\t<iframe loading=\"lazy\"\n\t\t\t\t\tsrc=\"https:\/\/maps.google.com\/maps?q=Konferen%C4%8Dn%C3%AD%20centrum%20City%20%28KCC%29&#038;t=m&#038;z=16&#038;output=embed&#038;iwloc=near\"\n\t\t\t\t\ttitle=\"Konferen\u010dn\u00ed centrum City (KCC)\"\n\t\t\t\t\taria-label=\"Konferen\u010dn\u00ed centrum City (KCC)\"\n\t\t\t><\/iframe>\n\t\t<\/div>\n\t\t\t\t\t\t<\/div>\n\t\t\t\t\t<\/div>\n\t\t\t\t<\/div>\n\t\t\t\t<\/div>\n\t\t","protected":false},"excerpt":{"rendered":"<p>English \u010cesk\u00e9 u\u017eivatelsk\u00e9 f\u00f3rum Copernicus a D\u00e1lkov\u00fd pr\u016fzkum Zem\u011b 2025 Agenda programu Copernicus, kterou ji\u017e druh\u00fdm rokem koordinuje \u010cesk\u00fd hydrometeorologick\u00fd \u00fastav, navazuje na p\u0159edchoz\u00ed ro\u010dn\u00edky a op\u011bt V\u00e1m p\u0159in\u00e1\u0161\u00ed konferenci&nbsp;&hellip;<\/p>\n","protected":false},"author":12,"featured_media":0,"parent":0,"menu_order":0,"comment_status":"closed","ping_status":"closed","template":"","meta":{"footnotes":""},"class_list":["post-4951","page","type-page","status-publish","hentry"],"_links":{"self":[{"href":"https:\/\/copernicus.chmi.cz\/index.php\/wp-json\/wp\/v2\/pages\/4951","targetHints":{"allow":["GET"]}}],"collection":[{"href":"https:\/\/copernicus.chmi.cz\/index.php\/wp-json\/wp\/v2\/pages"}],"about":[{"href":"https:\/\/copernicus.chmi.cz\/index.php\/wp-json\/wp\/v2\/types\/page"}],"author":[{"embeddable":true,"href":"https:\/\/copernicus.chmi.cz\/index.php\/wp-json\/wp\/v2\/users\/12"}],"replies":[{"embeddable":true,"href":"https:\/\/copernicus.chmi.cz\/index.php\/wp-json\/wp\/v2\/comments?post=4951"}],"version-history":[{"count":31,"href":"https:\/\/copernicus.chmi.cz\/index.php\/wp-json\/wp\/v2\/pages\/4951\/revisions"}],"predecessor-version":[{"id":5018,"href":"https:\/\/copernicus.chmi.cz\/index.php\/wp-json\/wp\/v2\/pages\/4951\/revisions\/5018"}],"wp:attachment":[{"href":"https:\/\/copernicus.chmi.cz\/index.php\/wp-json\/wp\/v2\/media?parent=4951"}],"curies":[{"name":"wp","href":"https:\/\/api.w.org\/{rel}","templated":true}]}}